{"version":"1.0","provider_name":"Bee happy!","provider_url":"https:\/\/magnoliacska.cafeblog.hu","author_name":"magnoli","author_url":"https:\/\/magnoliacska.cafeblog.hu\/author\/mano\/","title":"Munk\u00e1csy","html":"<p style=\"text-align: justify;\">&nbsp;<span style=\"font-size: 18px;\">Nos, t\u00f6rt\u00e9nt egyszer r\u00e9gen, hogy egy nagym\u00falt\u00fa gimiben \u00f6sszever\u0151d\u00f6tt egy \u00faj oszt\u00e1ly. T\u00f6bbnyire j\u00f3 csal\u00e1dok okos gyerkei, de voltunk n\u00e9h\u00e1nyan, akiknek \"csak\" a pontsz\u00e1munk volt elegend\u0151. (f\u00e9lre\u00e9rt\u00e9s ne ess\u00e9k, nekem is j\u00f3 csal\u00e1dom volt, de m\u00e1s kateg\u00f3ria). Sz\u00f3val, j\u00f3 kis csapat voltunk, fiatalok, lelkesek, kiss\u00e9 izg\u00e1g\u00e1k.<\/span><\/p><p style=\"text-align: justify;\"><span style=\"font-size: 18px;\">Volt az oszt\u00e1lyban egy sr\u00e1c, aki kiss\u00e9 kil\u00f3gott. Tipikus v\u00e1rossz\u00e9li utcagyerek, szomor\u00fa, nagy barna kutyaszemekkel, arc\u00e1ba l\u00f3g\u00f3 hajjal. M\u00e9g vadabb, m\u00e9g szabadlelk\u0171bb, mint b\u00e1rmelyik\u00fcnk. Nem szerette \u00e9s nem tartotta a t\u00f6v\u00e9nyeket, szab\u00e1lyokat. Viszont olyan esze volt, hogy ha egy picit is nagyobb az akaratereje, vagy a szerencs\u00e9je, hogy pici igazi t\u00e1maszra lel, bizony, most ismert ember lehetne...<\/span><\/p><p style=\"text-align: justify;\"><span style=\"font-size: 18px;\">\u00d3r\u00e1k el\u0151tt 2 perc alatt elolvasta a jegyzeteinket, vagy elmagyar\u00e1ztuk p\u00e1r sz\u00f3ban, hogy mir\u0151l is van sz\u00f3, \u00e9s j\u00f3 k\u00f6zepesre lefelelt, a tan\u00e1rok nagy megel\u00e9ged\u00e9s\u00e9re, \"V\u00e9gre tanult\u00e1l fiam\". \u00d3r\u00e1kon olvasott, verseket \u00edrt vagy rajzolt. Sz\u00fcletett, de elhanyagolt tehets\u00e9g...Nagyon kedveltem, j\u00f3kat besz\u00e9lgett\u00fcnk.<\/span><br><\/p><p style=\"text-align: justify;\"><span style=\"font-size: 18px;\">Nos \u0151 volt az, akivel k\u00f6lcs\u00f6nk\u00f6nyveinket megosztottuk, \u00e9s ak\u00e1r \u00e9jszaka olvastuk ki, csakhogy odaadjuk, vagy vissza, mikor hogy. Mert akkor m\u00e9g nem volt sz\u00e1m\u00edt\u00f3g\u00e9p, olvastunk. S\u0151t, szinte faltuk a k\u00f6nyveket. Rejt\u0151t, Agatha Christiet, Szilv\u00e1ssyt, ami j\u00f6tt, k\u00e9zr\u0151l k\u00e9zre j\u00e1rt. Kiolvastuk, kit\u00e1rgyaltuk, elr\u00f6h\u00f6gt\u00fck, versekkel levelezt\u00fcnk (az adott t\u00e9m\u00e1ra versben fejtett\u00fck ki a mondanival\u00f3nkat, volt r\u00e1 p\u00e1r lopott perc\u00fcnk, igazi r\u00e9gi sz\u00e9p di\u00e1k\u00e9let).<\/span><\/p><p style=\"text-align: justify;\"><span style=\"font-size: 18px;\">Azt\u00e1n egyik nap m\u00e9g lelkesebben j\u00f6tt be : n\u00e9zd, mit olvasok!- \u00e9s ideny\u00fajtotta A k\u00f6nyvet. Belelapoztam, \u00e9s alig v\u00e1rtam, hogy \u0151 befejezze, \u00e9s ideadja.<\/span><\/p><p style=\"text-align: justify;\"><span style=\"font-size: 18px;\">Munk\u00e1csy \u00e9letreg\u00e9nye volt, m\u00e1ig egyik&nbsp; legkedvesebb k\u00f6nyvem.<\/span><br><span style=\"font-size: 18px;\"><span style=\"font-weight: bold;\"> Az aranyecset<\/span> \u00e9s <span style=\"font-weight: bold;\">A nap szerelmese<\/span>. (Soha, semmi m\u00e1sra nem v\u00e1gytam n\u0151k\u00e9nt, csak, hogy megtal\u00e1ljam azt a f\u00e9rfit, aki engem is \u00edgy szeret majd, hogy Tem legyek...) Azt nagyon sajn\u00e1ltuk, hogy nem l\u00e1thatjuk a m\u0171veit, amir\u0151l a k\u00f6nyv \u00edr, meg a t\u00f6bbit, igaz\u00e1n, \u00e9l\u0151ben, hisz m\u00e9g album se nagyon volt el\u00e9rhet\u0151. Ott, akkor, a lelkem m\u00e9ly\u00e9n elvet\u0151d\u0151tt egy v\u00e1gymag, hogy majd egyszer, \u00fagyis...<\/span><\/p><p style=\"text-align: justify;\"><span style=\"font-size: 18px;\">Azt\u00e1n j\u00f6tt Pestre a ki\u00e1ll\u00edt\u00e1s, rosszkor sz\u00e1momra, \u00e9s csak sajg\u00f3 sz\u00edvvel n\u00e9ztem a plak\u00e1tokat, a m\u00fazeum el\u0151tt k\u00edgy\u00f3z\u00f3 sorokat...Kicsit meghaltam, hogy itt van \u00e9s m\u00e9gse...<\/span><\/p><p style=\"text-align: justify;\"><span style=\"font-size: 18px;\">A k\u00f6nyvet az\u00f3ta gyerekeim kez\u00e9be adtam, s\u0151t sz\u00fclinapomra csod\u00e1latos kem\u00e9nyk\u00f6t\u00e9sben megkaptam t\u0151l\u00fck, \u00fajraolvasva is sz\u00e9p, m\u00e9g szebb...Van m\u00e1r album is a munk\u00e1ir\u00f3l, csak az \u00e9lm\u00e9ny, az igazi, az v\u00e1ratott mag\u00e1ra...<\/span><\/p><p style=\"text-align: justify;\"><span style=\"font-size: 18px;\">Nemr\u00e9g (kb 2 h\u00f3napja) b\u00f6ng\u00e9szek a neten, \u00e9s mit l\u00e1tok! \u00fajabb ki\u00e1ll\u00edt\u00e1s lesz Kecskem\u00e9ten. Hisz az nincs is messze, m\u00e9g vonattal sem, s\u0151t, lakik ott valaki, akit sz\u00edvesen megismern\u00e9k...\u00cdgy kezd\u0151d\u00f6tt. Nagyl\u00e1nnyal menni k\u00e9sz\u00fclt\u00fcnk, H\u00edvatlanra r\u00e1k\u00e9rdezt\u00fcnk, azt\u00e1n m\u00e1sokra is...<\/span><\/p><p style=\"text-align: justify;\"><span style=\"font-size: 18px;\">\u00c9s ma felkelt a nap, meg a sz\u00edvemben az \u00f6r\u00f6m. Beteljesedik egy 25 \u00e9ves \u00e1lom, \u00e9s ez m\u00e9g nem is el\u00e9g, sok kedves emberk\u00e9vel habot \u00fcltet\u00fcnk az \u00e9lm\u00e9nyre!<\/span><\/p><p style=\"text-align: justify;\"><span style=\"font-size: 18px;\">K\u00edv\u00e1nom minden olvas\u00f3mnak, hogy \u00e1lmodjanak, kicsit, nagyot, mert csod\u00e1latos dolog v\u00e1gyakozni. \u00c9s k\u00edv\u00e1nom, hogy v\u00e1ljanak val\u00f3ra az \u00e1lmok, mert az \u00fagy az igazi :-) !!!<\/span><\/p><p style=\"text-align: justify;\"><span style=\"font-size: 18px;\">Megyek k\u00e9sz\u00fcl\u0151dni !<\/span><\/p><p style=\"text-align: justify;\"><span style=\"font-size: 18px;\">Sz\u00e9p h\u00e9tv\u00e9g\u00e9t!<\/span><br><\/p>","type":"rich"}